{"id":158,"date":"2013-11-19T18:37:27","date_gmt":"2013-11-19T16:37:27","guid":{"rendered":"http:\/\/www.klimakuehn.de\/\/?page_id=158"},"modified":"2014-04-15T10:07:25","modified_gmt":"2014-04-15T08:07:25","slug":"wartung","status":"publish","type":"page","link":"https:\/\/www.klimakuehn.de\/?page_id=158","title":{"rendered":"Wartung"},"content":{"rendered":"<p><img loading=\"lazy\" class=\"size-full wp-image-159 alignright\" alt=\"werkzeug\" src=\"http:\/\/www.klimakuehn.de\/\/wp-content\/uploads\/2013\/11\/werkzeug.jpg\" width=\"300\" height=\"298\" srcset=\"https:\/\/www.klimakuehn.de\/wp-content\/uploads\/2013\/11\/werkzeug.jpg 300w, https:\/\/www.klimakuehn.de\/wp-content\/uploads\/2013\/11\/werkzeug-150x150.jpg 150w\" sizes=\"(max-width: 300px) 100vw, 300px\" \/>Wie fast alle Ger\u00e4te m\u00fcssen Klimaanlagen und W\u00e4rmepumpen gewartet werden. Um einen einwandfreien Betrieb f\u00fcr lange Zeit zu gew\u00e4hrleisten, empfehlen wir die regelm\u00e4\u00dfige Kontrolle und Pflege sowie Austausch von Verschlei\u00dfteilen. Folgende Beeintr\u00e4chtigungen k\u00f6nnen auftreten:<\/p>\n<p>Bei Undichtigkeiten im K\u00fchlsystem wird die K\u00e4lteleistung zunehmend geringer.<\/p>\n<p>Bei Undichtigkeiten geht ein Teil des Kompressor\u00f6les verloren, bereits geringe Fehlmengen f\u00fchren zu einem erh\u00f6htem Verschlei\u00df am Kompressor.<\/p>\n<p>Durch \u00e4u\u00dfere Einfl\u00fcsse aber auch Fehlbedienung k\u00f6nnen sich im Verdampfer Bakterien bilden, die zu Geruchsbel\u00e4stigung f\u00fchren k\u00f6nnen.<\/p>\n<p>Im Laufe der Betriebszeit bildet sich Kondenswasser in der Anlage. Ist der Wasseranteil zu hoch, kann der Kompressor der Anlage durch Mangelschmierung besch\u00e4digt werden.<\/p>\n<p>Alle 4 Jahre sollte die Trocknerpatrone der Anlage ersetzt werden.<br \/>\nBei Wartungsarbeiten an der Anlage kann ein Indikatormittel verwendet werden, dass sp\u00e4tere Wartungsarbeiten oder Fehlersuchen erheblich vereinfacht. Die Hersteller der Klimaanlagen empfehlen aus diesen Gr\u00fcnden regelm\u00e4\u00dfige Wartungs- und Kontrollarbeiten im Mindestabstand von 24 Monaten, um die st\u00e4ndige Betriebssicherheit und -bereitschaft zu gew\u00e4hrleisten.<\/p>\n<p><strong>K\u00fchn &amp; Schwarzer \u00fcbernimmt nat\u00fcrlich auch die Wartung von Fremdger\u00e4ten<\/strong>, bzw. Ger\u00e4ten, die nicht von uns eingebaut wurden. Fragen Sie unseren Servicemitarbeiter, welche Leistungen wir bei Ihnen ausf\u00fchren k\u00f6nnen.<\/p>\n","protected":false},"excerpt":{"rendered":"<p>Wie fast alle Ger\u00e4te m\u00fcssen Klimaanlagen und W\u00e4rmepumpen gewartet werden&#8230;.<\/p>\n","protected":false},"author":5,"featured_media":0,"parent":17,"menu_order":1,"comment_status":"open","ping_status":"open","template":"","meta":[],"aioseo_notices":[],"_links":{"self":[{"href":"https:\/\/www.klimakuehn.de\/index.php?rest_route=\/wp\/v2\/pages\/158"}],"collection":[{"href":"https:\/\/www.klimakuehn.de\/index.php?rest_route=\/wp\/v2\/pages"}],"about":[{"href":"https:\/\/www.klimakuehn.de\/index.php?rest_route=\/wp\/v2\/types\/page"}],"author":[{"embeddable":true,"href":"https:\/\/www.klimakuehn.de\/index.php?rest_route=\/wp\/v2\/users\/5"}],"replies":[{"embeddable":true,"href":"https:\/\/www.klimakuehn.de\/index.php?rest_route=%2Fwp%2Fv2%2Fcomments&post=158"}],"version-history":[{"count":2,"href":"https:\/\/www.klimakuehn.de\/index.php?rest_route=\/wp\/v2\/pages\/158\/revisions"}],"predecessor-version":[{"id":260,"href":"https:\/\/www.klimakuehn.de\/index.php?rest_route=\/wp\/v2\/pages\/158\/revisions\/260"}],"up":[{"embeddable":true,"href":"https:\/\/www.klimakuehn.de\/index.php?rest_route=\/wp\/v2\/pages\/17"}],"wp:attachment":[{"href":"https:\/\/www.klimakuehn.de\/index.php?rest_route=%2Fwp%2Fv2%2Fmedia&parent=158"}],"curies":[{"name":"wp","href":"https:\/\/api.w.org\/{rel}","templated":true}]}}